{"id":2029,"date":"2024-03-09T22:24:37","date_gmt":"2024-03-09T22:24:37","guid":{"rendered":"http:\/\/fahrschuleabf.de\/?page_id=2029"},"modified":"2024-03-21T23:39:47","modified_gmt":"2024-03-21T23:39:47","slug":"datenschutzerklaerung","status":"publish","type":"page","link":"http:\/\/fahrschuleabf.de\/?page_id=2029","title":{"rendered":"Datenschutzerkl\u00e4rung"},"content":{"rendered":"\t\t<div data-elementor-type=\"wp-page\" data-elementor-id=\"2029\" class=\"elementor elementor-2029\">\n\t\t\t\t<div class=\"elementor-element elementor-element-00abe3c e-flex e-con-boxed e-con e-parent\" data-id=\"00abe3c\" data-element_type=\"container\">\n\t\t\t\t\t<div class=\"e-con-inner\">\n\t\t<div class=\"elementor-element elementor-element-de779c9 animated-slow e-con-full e-flex elementor-invisible e-con e-child\" data-id=\"de779c9\" data-element_type=\"container\" data-settings=\"{&quot;animation&quot;:&quot;fadeInUp&quot;}\">\n\t\t\t\t<div class=\"elementor-element elementor-element-7cbf6d4 elementor-widget elementor-widget-heading\" data-id=\"7cbf6d4\" data-element_type=\"widget\" data-widget_type=\"heading.default\">\n\t\t\t\t<div class=\"elementor-widget-container\">\n\t\t\t\t\t<h2 class=\"elementor-heading-title elementor-size-default\">Datenschutzerkl\u00e4rung<\/h2>\t\t\t\t<\/div>\n\t\t\t\t<\/div>\n\t\t\t\t<div class=\"elementor-element elementor-element-9945087 elementor-widget elementor-widget-text-editor\" data-id=\"9945087\" data-element_type=\"widget\" data-widget_type=\"text-editor.default\">\n\t\t\t\t<div class=\"elementor-widget-container\">\n\t\t\t\t\t\t\t\t\t<p><strong>1) Einleitung und Kontaktdaten des Verantwortlichen<\/strong><\/p><p><b>1.1<\/b>\u00a0Wir freuen uns, dass Sie unsere Website besuchen und bedanken uns f\u00fcr Ihr Interesse. Im Folgenden informieren wir Sie \u00fcber den Umgang mit Ihren personenbezogenen Daten bei der Nutzung unserer Website. Personenbezogene Daten sind hierbei alle Daten, mit denen Sie pers\u00f6nlich identifiziert werden k\u00f6nnen.<\/p><p><b>1.2<\/b> Verantwortlicher f\u00fcr die Datenverarbeitung auf dieser Website im Sinne der Datenschutz-Grundverordnung (DSGVO) ist<\/p><p>ABF Bildungszentrum und Fahrschule UG (haftungsbeschr\u00e4nkt),\u00a0Rudower Str. 60,<br \/>12524 Berlin, Deutschland, Tel.: +0049 30<strong>\u00a0<\/strong>543 55 409, E-Mail: info@abf-berlin.de<\/p><p>Der f\u00fcr die Verarbeitung von personenbezogenen Daten Verantwortliche ist diejenige nat\u00fcrliche oder juristische Person, die allein oder gemeinsam mit anderen \u00fcber die Zwecke und Mittel der Verarbeitung von personenbezogenen Daten entscheidet.<\/p><p><strong>2) Datenerfassung beim Besuch unserer Website<\/strong><\/p><p><b>2.1<\/b>\u00a0Bei der blo\u00df informatorischen Nutzung unserer Website, also wenn Sie sich nicht registrieren oder uns anderweitig Informationen \u00fcbermitteln, erheben wir nur solche Daten, die Ihr Browser an den Seitenserver \u00fcbermittelt (sog. \u201eServer-Logfiles\u201c). Wenn Sie unsere Website aufrufen, erheben wir die folgenden Daten, die f\u00fcr uns technisch erforderlich sind, um Ihnen die Website anzuzeigen:<\/p><ul><li>Unsere besuchte Website<\/li><li>Datum und Uhrzeit zum Zeitpunkt des Zugriffes<\/li><li>Menge der gesendeten Daten in Byte<\/li><li>Quelle\/Verweis, von welchem Sie auf die Seite gelangten<\/li><li>Verwendeter Browser<\/li><li>Verwendetes Betriebssystem<\/li><li>Verwendete IP-Adresse (ggf.: in anonymisierter Form)<\/li><\/ul><p>Die Verarbeitung erfolgt gem\u00e4\u00df Art. 6 Abs. 1 lit. f DSGVO auf Basis unseres berechtigten Interesses an der Verbesserung der Stabilit\u00e4t und Funktionalit\u00e4t unserer Website. Eine Weitergabe oder anderweitige Verwendung der Daten findet nicht statt. Wir behalten uns allerdings vor, die Server-Logfiles nachtr\u00e4glich zu \u00fcberpr\u00fcfen, sollten konkrete Anhaltspunkte auf eine rechtswidrige Nutzung hinweisen.<\/p><p><b>2.2<\/b>\u00a0Diese Website nutzt aus Sicherheitsgr\u00fcnden und zum Schutz der \u00dcbertragung personenbezogener Daten und anderer vertraulicher Inhalte (z.B. Bestellungen oder Anfragen an den Verantwortlichen) eine SSL-bzw. TLS-Verschl\u00fcsselung. Sie k\u00f6nnen eine verschl\u00fcsselte Verbindung an der Zeichenfolge \u201ehttps:\/\/\u201c und dem Schloss-Symbol in Ihrer Browserzeile erkennen.<\/p><p><strong>3) Cookies<\/strong><\/p><p>Um den Besuch unserer Website attraktiv zu gestalten und die Nutzung bestimmter Funktionen zu erm\u00f6glichen, verwenden wir Cookies, also kleine Textdateien, die auf Ihrem Endger\u00e4t abgelegt werden. Teilweise werden diese Cookies nach Schlie\u00dfen des Browsers automatisch wieder gel\u00f6scht (sog. \u201eSession-Cookies\u201c), teilweise verbleiben diese Cookies l\u00e4nger auf Ihrem Endger\u00e4t und erm\u00f6glichen das Speichern von Seiteneinstellungen (sog. \u201epersistente Cookies\u201c). Im letzteren Fall k\u00f6nnen Sie die Speicherdauer der \u00dcbersicht zu den Cookie-Einstellungen Ihres Webbrowsers entnehmen.<\/p><p>Sofern durch einzelne von uns eingesetzte Cookies auch personenbezogene Daten verarbeitet werden, erfolgt die Verarbeitung gem\u00e4\u00df Art. 6 Abs. 1 lit. b DSGVO entweder zur Durchf\u00fchrung des Vertrages, gem\u00e4\u00df Art. 6 Abs. 1 lit. a DSGVO im Falle einer erteilten Einwilligung oder gem\u00e4\u00df Art. 6 Abs. 1 lit. f DSGVO zur Wahrung unserer berechtigten Interessen an der bestm\u00f6glichen Funktionalit\u00e4t der Website sowie einer kundenfreundlichen und effektiven Ausgestaltung des Seitenbesuchs.<\/p><p>Sie k\u00f6nnen Ihren Browser so einstellen, dass Sie \u00fcber das Setzen von Cookies informiert werden und einzeln \u00fcber deren Annahme entscheiden oder die Annahme von Cookies f\u00fcr bestimmte F\u00e4lle oder generell ausschlie\u00dfen k\u00f6nnen.<\/p><p>Bitte beachten Sie, dass bei Nichtannahme von Cookies die Funktionalit\u00e4t unserer Website eingeschr\u00e4nkt sein kann.<\/p><p><strong>4) Kontaktaufnahme<\/strong><\/p><p><b>4.1<\/b>\u00a0Calendly<\/p><p>F\u00fcr die Bereitstellung einer Online-Terminbuchungsfunktion nutzen wir die Dienste des folgenden Anbieters: Calendly, LLC, BB&amp;T Tower, 271 17th St NW, Atlanta, GA 30363, USA<\/p><p>Zum Zwecke der Terminvergabe werden gem\u00e4\u00df Art. 6 Abs. 1 lit. b DSGVO Vor- und Zuname sowie Mailadresse (und ggf. die Telefonnummer, sofern ein telefonischer Termin gew\u00fcnscht ist) erhoben und gem\u00e4\u00df Art. 6 Abs. 1 lit. f DSGVO auf Basis unseres berechtigten Interesses an einem effektiven Kundenmanagement und einer effizienten Terminverwaltung an den Anbieter \u00fcbermittelt und dort f\u00fcr die Terminorganisation gespeichert.<\/p><p>Nach Abhaltung des Termins bzw. nach Ablauf des vereinbarten Terminzeitraums werden Ihre Daten vom Anbieter gel\u00f6scht.<\/p><p>Wir haben mit dem Anbieter einen Auftragsverarbeitungsvertrag geschlossen, der den Schutz der Daten unserer Seitenbesucher sicherstellt und eine unberechtigte Weitergabe an Dritte untersagt.<\/p><p>F\u00fcr Daten\u00fcbermittlungen in die USA hat sich der Anbieter dem EU-US-Datenschutzrahmen (EU-US Data Privacy Framework) angeschlossen, das auf Basis eines Angemessenheitsbeschlusses der Europ\u00e4ischen Kommission die Einhaltung des europ\u00e4ischen Datenschutzniveaus sicherstellt.<\/p><p><b>4.2<\/b>\u00a0Im Rahmen der Kontaktaufnahme mit uns (z.B. per Kontaktformular oder E-Mail) werden personenbezogene Daten erhoben. Welche Daten im Falle der Nutzung eines Kontaktformulars erhoben werden, ist aus dem jeweiligen Kontaktformular ersichtlich. Diese Daten werden ausschlie\u00dflich zum Zweck der Beantwortung Ihres Anliegens bzw. f\u00fcr die Kontaktaufnahme und die damit verbundene technische Administration gespeichert und verwendet.<\/p><p>Rechtsgrundlage f\u00fcr die Verarbeitung dieser Daten ist unser berechtigtes Interesse an der Beantwortung Ihres Anliegens gem\u00e4\u00df Art. 6 Abs. 1 lit. f DSGVO. Zielt Ihre Kontaktierung auf den Abschluss eines Vertrages ab, so ist zus\u00e4tzliche Rechtsgrundlage f\u00fcr die Verarbeitung Art. 6 Abs. 1 lit. b DSGVO. Ihre Daten werden nach abschlie\u00dfender Bearbeitung Ihrer Anfrage gel\u00f6scht. Dies ist der Fall, wenn sich aus den Umst\u00e4nden entnehmen l\u00e4sst, dass der betroffene Sachverhalt abschlie\u00dfend gekl\u00e4rt ist und sofern keine gesetzlichen Aufbewahrungspflichten entgegenstehen.<\/p><p><strong>5) Webanalysedienste<\/strong><\/p><p><b>5.1<\/b>\u00a0Google Analytics 4<\/p><p>Diese Website benutzt Google Analytics 4, einen Webanalysedienst der Google Ireland Limited, Gordon House, 4 Barrow St, Dublin, D04 E5W5, Irland (&#8222;Google&#8220;), der eine Analyse Ihrer Benutzung unserer Website erm\u00f6glicht.<\/p><p>Standardm\u00e4\u00dfig werden beim Besuch der Website durch Google Analytics 4 Cookies gesetzt, die als kleine Textbausteine auf Ihrem Endger\u00e4t abgelegt werden und bestimmte Informationen erheben. Zum Umfang dieser Informationen geh\u00f6rt auch Ihre IP-Adresse, die allerdings von Google um die letzten Ziffern gek\u00fcrzt wird, um eine direkte Personenbeziehbarkeit auszuschlie\u00dfen.<\/p><p>Die Informationen werden an Server von Google \u00fcbertragen und dort weiterverarbeitet. Dabei sind auch \u00dcbermittlungen an Google LLC mit Sitz in den USA m\u00f6glich.<\/p><p>Google nutzt die erhobenen Informationen in unserem Auftrag, um Ihre Nutzung der Website auszuwerten, Reports \u00fcber die Websiteaktivit\u00e4ten f\u00fcr uns zusammenzustellen und um weitere mit der Websitenutzung und der Internetnutzung verbundene Dienstleistungen zu erbringen. Die im Rahmen von Google Analytics von Ihrem Browser \u00fcbermittelte und gek\u00fcrzte IP-Adresse wird nicht mit anderen Daten von Google zusammengef\u00fchrt. Die im Rahmen der Nutzung von Google Analytics 4 erhobenen Daten werden f\u00fcr die Dauer von zwei Monaten gespeichert und anschlie\u00dfend gel\u00f6scht.<\/p><p>Alle vorstehend beschriebenen Verarbeitungen, insbesondere das Setzen von Cookies auf dem verwendeten Endger\u00e4t, erfolgen nur, wenn Sie uns hierf\u00fcr Ihre ausdr\u00fcckliche Einwilligung gem. Art. 6 Abs. 1 lit. a DSGVO erteilt haben.<br \/>Ohne Ihre Einwilligung unterbleibt der Einsatz von Google Analytics 4 w\u00e4hrend Ihres Seitenbesuchs. Sie k\u00f6nnen Ihre erteilte Einwilligung mit Wirkung f\u00fcr die Zukunft jederzeit widerrufen. Um Ihr Widerrufsrecht auszu\u00fcben, deaktivieren Sie bitte diesen Dienst \u00fcber das auf der Website bereitgestellte \u201eCookie-Consent-Tool\u201c.<\/p><p>Wir haben mit Google einen Auftragsverarbeitungsvertrag geschlossen, der den Schutz der Daten unserer Seitenbesucher sicherstellt und eine unberechtigte Weitergabe an Dritte untersagt.<\/p><p>Weitere rechtliche Hinweise zu Google Analytics 4 finden Sie unter\u00a0<a href=\"https:\/\/policies.google.com\/privacy?hl=de&amp;gl=de\" target=\"_blank\" rel=\"noopener\">https:\/\/policies.google.com<wbr \/>\/privacy<wbr \/>?hl=de<wbr \/>&amp;gl=de<\/a>\u00a0und unter\u00a0<a href=\"https:\/\/policies.google.com\/technologies\/partner-sites\" target=\"_blank\" rel=\"noopener\">https:\/\/policies.google.com<wbr \/>\/technologies<wbr \/>\/partner-sites<\/a><\/p><p>Demografische Merkmale<br \/>Google Analytics 4 nutzt die spezielle Funktion \u201edemografische Merkmale\u201c und kann dar\u00fcber Statistiken erstellen, die Aussagen \u00fcber das Alter, Geschlecht und Interessen von Seitenbesuchern treffen. Dies geschieht durch die Analyse von Werbung und Informationen von Drittanbietern. Dadurch k\u00f6nnen Zielgruppen f\u00fcr Marketingaktivit\u00e4ten identifiziert werden. Die gesammelten Daten k\u00f6nnen jedoch keiner bestimmten Person zugeordnet werden und werden nach einer Speicherung f\u00fcr die Dauer von zwei Monaten gel\u00f6scht.<\/p><p>Google Signals<br \/>Als Erweiterung zu Google Analytics 4 kann auf dieser Website Google Signals verwendet werden, um ger\u00e4te\u00fcbergreifende Berichte erstellen zu lassen. Wenn Sie personalisierte Anzeigen aktiviert haben und Ihre Ger\u00e4te mit Ihrem Google-Konto verkn\u00fcpft haben, kann Google vorbehaltlich Ihrer Einwilligung zur Nutzung von Google Analytics gem. Art. 6 Abs. 1 lit. a DSGVO Ihr Nutzungsverhalten ger\u00e4te\u00fcbergreifend analysieren und Datenbankmodelle, unter anderem zu ger\u00e4te\u00fcbergreifenden Conversions, erstellen. Wir erhalten keine personenbezogenen Daten von Google, sondern nur Statistiken. Wenn Sie die ger\u00e4te\u00fcbergreifende Analyse stoppen m\u00f6chten, k\u00f6nnen Sie die Funktion &#8222;Personalisierte Werbung&#8220; in den Einstellungen Ihres Google-Kontos deaktivieren. Folgen Sie dazu den Anweisungen auf dieser Seite:\u00a0<a href=\"https:\/\/support.google.com\/ads\/answer\/2662922?hl=de\" target=\"_blank\" rel=\"noopener\">https:\/\/support.google.com<wbr \/>\/ads<wbr \/>\/answer<wbr \/>\/2662922<wbr \/>?hl=de<\/a>\u00a0Weitere Informationen zu Google Signals finden Sie unter folgendem Link:\u00a0<a href=\"https:\/\/support.google.com\/analytics\/answer\/7532985?hl=de\" target=\"_blank\" rel=\"noopener\">https:\/\/support.google.com<wbr \/>\/analytics<wbr \/>\/answer<wbr \/>\/7532985<wbr \/>?hl=de<\/a><\/p><p>UserIDs<br \/>Als Erweiterung zu Google Analytics 4 kann auf dieser Website die Funktion &#8222;UserIDs&#8220; verwendet werden. Wenn Sie in die Nutzung von Google Analytics 4 gem. Art. 6 Abs. 1 lit. a DSGVO eingewilligt, ein Konto auf dieser Website eingerichtet haben und sich auf verschiedenen Ger\u00e4ten mit diesem Konto anmelden, k\u00f6nnen Ihre Aktivit\u00e4ten, darunter auch Conversions, ger\u00e4te\u00fcbergreifend analysiert werden.<\/p><p>F\u00fcr Daten\u00fcbermittlungen in die USA hat sich der Anbieter dem EU-US-Datenschutzrahmen (EU-US Data Privacy Framework) angeschlossen, das auf Basis eines Angemessenheitsbeschlusses der Europ\u00e4ischen Kommission die Einhaltung des europ\u00e4ischen Datenschutzniveaus\u00a0sicherstellt.<\/p><p><b>5.2<\/b>\u00a0Google Tag Manager<\/p><p>Diese Website nutzt den \u201eGoogle Tag Manager\u201c, einen Dienst des folgenden Anbieters: Google Ireland Limited, Gordon House, Barrow Street, Dublin 4, Irland (nachfolgend: \u201eGoogle\u201c).<\/p><p>Der Google Tag Manager bietet eine technische Grundlage daf\u00fcr, diverse Webanwendungen, darunter auch Tracking- und Analysedienste, zu b\u00fcndeln und \u00fcber eine einheitliche Benutzeroberfl\u00e4che kalibrieren, steuern und an Bedingungen kn\u00fcpfen zu k\u00f6nnen. Der Google Tag Manager selbst speichert keine Informationen auf Nutzerendger\u00e4ten oder liest diese aus. Auch nimmt der Dienst keine eigenst\u00e4ndigen Datenanalysen vor. Allerdings wird durch den Google Tag Manager bei Seitenaufruf Ihre IP-Adresse an Google \u00fcbertragen und dort gegebenenfalls gespeichert. Auch eine \u00dcbermittlung an Server von Google LLC. In den USA ist m\u00f6glich.<\/p><p>Diese Verarbeitung wird nur dann vollzogen, wenn Sie uns gem\u00e4\u00df Art. 6 Abs. 1 lit. a DSGVO dazu Ihre ausdr\u00fcckliche Einwilligung erteilt haben. Ohne diese Einwilligungserteilung unterbleibt der Einsatz von Google Tag Manager w\u00e4hrend Ihres Seitenbesuchs. Sie k\u00f6nnen Ihre erteilte Einwilligung jederzeit mit Wirkung f\u00fcr die Zukunft widerrufen. Um Ihren Widerruf auszu\u00fcben, deaktivieren Sie diesen Dienst bitte in dem auf der Webseite bereitgestellten \u201eCookie-Consent-Tool\u201c.<\/p><p>Wir haben mit dem Anbieter einen Auftragsverarbeitungsvertrag geschlossen, der den Schutz der Daten unserer Seitenbesucher sicherstellt und eine unberechtigte Weitergabe an Dritte untersagt.<\/p><p>F\u00fcr Daten\u00fcbermittlungen in die USA hat sich der Anbieter dem EU-US-Datenschutzrahmen (EU-US Data Privacy Framework) angeschlossen, das auf Basis eines Angemessenheitsbeschlusses der Europ\u00e4ischen Kommission die Einhaltung des europ\u00e4ischen Datenschutzniveaus\u00a0sicherstellt.<\/p><p><strong>6) Retargeting\/ Remarketing und Conversion-Tracking<\/strong><\/p><p>Meta Pixel<\/p><p>Innerhalb unseres Online-Angebots verwenden wir den Dienst &#8222;Meta Pixel&#8220; des folgenden Anbieters: Meta Platforms Ireland Limited, 4 Grand Canal Quare, Dublin 2, Irland (&#8222;Meta&#8220;)<\/p><p>Klickt ein Nutzer auf eine von uns auf Facebook und\/oder Instagram geschaltete Werbeanzeige, wird mithilfe von &#8222;Meta Pixel&#8220; die URL unserer verlinkten Seite um einen Parameter erweitert. Dieser URL-Parameter wird dann nach der Weiterleitung durch ein Cookie, das unsere verlinkte Seite selbst setzt, in den Browser des Nutzers eingetragen.<\/p><p>Dadurch ist es einerseits Meta m\u00f6glich, die Besucher unseres Onlineangebotes als Zielgruppe f\u00fcr die Darstellung von Anzeigen (sog. &#8222;Ads&#8220;) zu bestimmen. Dementsprechend setzen wir den Dienst ein, um die durch uns geschalteten Facebook- und\/oder Instagram-Ads nur solchen Nutzern anzuzeigen, die auch ein Interesse an unserem Onlineangebot gezeigt haben oder die bestimmte Merkmale (z.B. Interessen an bestimmten Themen oder Produkten, die anhand der besuchten Webseiten bestimmt werden) aufweisen, welche wir an Meta \u00fcbermitteln (sog. \u201eCustom Audiences\u201c).<\/p><p>Andererseits kann mit dem \u201eMeta Pixel\u201c nachvollzogen werden, ob Nutzer nach dem Klick auf eine Werbeanzeige auf unsere Website weitergeleitet wurden und welche Ausf\u00fchrungshandlungen sie dort t\u00e4tigen (sog. \u201eConversion-Tracking\u201c).<\/p><p>Die erhobenen Daten sind f\u00fcr uns anonym, bieten uns also keine R\u00fcckschl\u00fcsse auf die Identit\u00e4t der Nutzer. Allerdings werden die Daten von Meta gespeichert und verarbeitet, sodass eine Verbindung zum jeweiligen Nutzerprofil m\u00f6glich ist und Meta die Daten f\u00fcr eigene Werbezwecke verwenden kann.<\/p><p>Alle oben beschriebenen Verarbeitungen, insbesondere das Setzen von Cookies f\u00fcr das Auslesen von Informationen auf dem verwendeten Endger\u00e4t, werden nur dann vollzogen, wenn Sie uns gem\u00e4\u00df Art. 6 Abs. 1 lit. a DSGVO dazu Ihre ausdr\u00fcckliche Einwilligung erteilt haben. Sie k\u00f6nnen Ihre erteilte Einwilligung jederzeit mit Wirkung f\u00fcr die Zukunft widerrufen, indem Sie diesen Dienst in dem auf der Webseite bereitgestellten \u201eCookie-Consent-Tool\u201c deaktivieren.<\/p><p>Wir haben mit dem Anbieter einen Auftragsverarbeitungsvertrag geschlossen, der den Schutz der Daten unserer Seitenbesucher sicherstellt und eine unberechtigte Weitergabe an Dritte untersagt.<\/p><p>Die durch Meta erzeugten Informationen werden in der Regel an einen Server von Meta \u00fcbertragen und dort gespeichert; in diesem Zusammenhang kann es auch zu einer \u00dcbertragung an Server von Meta Platforms Inc. in den USA kommen.<\/p><p>F\u00fcr Daten\u00fcbermittlungen in die USA hat sich der Anbieter dem EU-US-Datenschutzrahmen (EU-US Data Privacy Framework) angeschlossen, das auf Basis eines Angemessenheitsbeschlusses der Europ\u00e4ischen Kommission die Einhaltung des europ\u00e4ischen Datenschutzniveaus sicherstellt.<\/p><h4>7) Seitenfunktionalit\u00e4ten<\/h4><p><b>7.1<\/b>\u00a0Google Web Fonts<\/p><p>Diese Seite nutzt zur einheitlichen Darstellung von Schriftarten sogenannte Web Fonts des folgenden Anbieters: Google Ireland Limited, Gordon House, 4 Barrow St, Dublin, D04 E5W5, Irland<\/p><p>Beim Aufruf einer Seite l\u00e4dt Ihr Browser die ben\u00f6tigten Web Fonts in ihren Browser-Cache, um Texte und Schriftarten korrekt anzuzeigen und stellt eine direkte Verbindung zu den Servern des Anbieters her. Hierbei werden bestimmte Browserinformationen, einschlie\u00dflich Ihrer IP-Adresse, an den Anbieter \u00fcbermittelt.<\/p><p>Daten k\u00f6nnen zudem \u00fcbermittelt werden an: Google LLC, USA<\/p><p>Die Verarbeitung von personenbezogenen Daten im Zuge der Verbindungsaufnahme mit dem Anbieter der Schriftarten wird nur dann vollzogen, wenn Sie uns gem\u00e4\u00df Art. 6 Abs. 1 lit. a DSGVO dazu Ihre ausdr\u00fcckliche Einwilligung erteilt haben. Sie k\u00f6nnen Ihre erteilte Einwilligung jederzeit mit Wirkung f\u00fcr die Zukunft widerrufen, indem Sie diesen Dienst \u00fcber das auf der Webseite bereitgestellte \u201eCookie-Consent-Tool\u201c deaktivieren. Falls Ihr Browser keine Web Fonts unterst\u00fctzt, wird eine Standardschrift von Ihrem Computer genutzt.<\/p><p>F\u00fcr Daten\u00fcbermittlungen in die USA hat sich der Anbieter dem EU-US-Datenschutzrahmen (EU-US Data Privacy Framework) angeschlossen, das auf Basis eines Angemessenheitsbeschlusses der Europ\u00e4ischen Kommission die Einhaltung des europ\u00e4ischen Datenschutzniveaus\u00a0sicherstellt.<\/p><p><b>7.2<\/b>\u00a0Google Kundenrezensionen (ehemals Google Zertifizierter-H\u00e4ndler-Programm)<\/p><p>Wir arbeiten mit Google im Rahmen des Programms \u201eGoogle Kundenrezensionen\u201c zusammen. Der Anbieter ist Google Ireland Limited, Gordon House, 4 Barrow St, Dublin, D04 E5W5, Irland (\u201cGoogle\u201d). Dieses Programm gibt uns die M\u00f6glichkeit, Kundenrezensionen von Nutzern unserer Website einzuholen. Hierbei werden Sie nach einem Einkauf auf unserer Website gefragt, ob Sie an einer E-Mail-Umfrage von Google teilnehmen m\u00f6chten.<\/p><p>Wenn Sie Ihre Einwilligung gem\u00e4\u00df Art. 6 Abs. 1 lit. a DSGVO erteilen, \u00fcbermitteln wir Ihre E-Mail-Adresse an Google. Sie erhalten eine E-Mail von Google Kundenrezensionen, in der Sie gebeten werden, die Kauferfahrung auf unserer Website zu bewerten. Die von Ihnen abgegebene Bewertung wird anschlie\u00dfend mit unseren anderen Bewertungen zusammengefasst und in unserem Logo Google Kundenrezensionen sowie in unserem Merchant Center-Dashboard angezeigt. Au\u00dferdem wird Ihre Bewertung f\u00fcr Google Verk\u00e4uferbewertungen genutzt. Im Rahmen der Nutzung von Google Kundenrezensionen kann es auch zu einer \u00dcbermittlung von personenbezogenen Daten an die Server der Google LLC. in den USA kommen.<\/p><p>Sie k\u00f6nnen Ihre Einwilligung jederzeit durch eine Nachricht an den f\u00fcr die Datenverarbeitung Verantwortlichen oder gegen\u00fcber Google widerrufen.<\/p><p>F\u00fcr Daten\u00fcbermittlungen in die USA hat sich der Anbieter dem EU-US-Datenschutzrahmen (EU-US Data Privacy Framework) angeschlossen, das auf Basis eines Angemessenheitsbeschlusses der Europ\u00e4ischen Kommission die Einhaltung des europ\u00e4ischen Datenschutzniveaus\u00a0sicherstellt.<\/p><h4>8) Tools und Sonstiges<\/h4><p>Cookie-Consent-Tool<\/p><p>Diese Website nutzt zur Einholung wirksamer Nutzereinwilligungen f\u00fcr einwilligungspflichtige Cookies und cookie-basierte Anwendungen ein sog. \u201eCookie-Consent-Tool\u201c. Das \u201eCookie-Consent-Tool\u201c wird Nutzern bei Seitenaufruf in Form einer interaktive Benutzeroberfl\u00e4che angezeigt, auf welcher sich per H\u00e4kchensetzung Einwilligungen f\u00fcr bestimmte Cookies und\/oder cookie-basierte Anwendungen erteilen lassen. Hierbei werden durch den Einsatz des Tools alle einwilligungspflichtigen Cookies\/Dienste nur dann geladen, wenn der jeweilige Nutzer entsprechende Einwilligungen per H\u00e4kchensetzung erteilt. So wird sichergestellt, dass nur im Falle einer erteilten Einwilligung derartige Cookies auf dem jeweiligen Endger\u00e4t des Nutzers gesetzt werden.<\/p><p>Das Tool setzt technisch notwendige Cookies, um Ihre Cookie-Pr\u00e4ferenzen zu speichern. Personenbezogene Nutzerdaten werden hierbei grunds\u00e4tzlich nicht verarbeitet.<\/p><p>Kommt es im Einzelfall zum Zwecke der Speicherung, Zuordnung oder Protokollierung von Cookie-Einstellungen doch zur Verarbeitung personenbezogener Daten (wie etwa der IP-Adresse), erfolgt diese gem\u00e4\u00df Art. 6 Abs. 1 lit. f DSGVO auf Basis unseres berechtigten Interesses an einem rechtskonformen, nutzerspezifischen und nutzerfreundlichen Einwilligungsmanagement f\u00fcr Cookies und mithin an einer rechtskonformen Ausgestaltung unseres Internetauftritts.<\/p><p>Weitere Rechtsgrundlage f\u00fcr die Verarbeitung ist ferner Art. 6 Abs. 1 lit. c DSGVO. Wir unterliegen als Verantwortliche der rechtlichen Verpflichtung, den Einsatz technisch nicht notwendiger Cookies von der jeweiligen Nutzereinwilligung abh\u00e4ngig zu machen.<\/p><p>Soweit erforderlich, haben wir mit dem Anbieter einen Auftragsverarbeitungsvertrag geschlossen, der den Schutz der Daten unserer Seitenbesucher sicherstellt und eine unberechtigte Weitergabe an Dritte untersagt.<\/p><p>Weitere Informationen zum Betreiber und den Einstellungsm\u00f6glichkeiten des Cookie-Consent-Tools finden Sie direkt in der entsprechenden Benutzeroberfl\u00e4che auf unserer Website.<\/p><p><strong>9) Rechte des Betroffenen<\/strong><\/p><p><b>9.1<\/b>\u00a0Das geltende Datenschutzrecht gew\u00e4hrt Ihnen gegen\u00fcber dem Verantwortlichen hinsichtlich der Verarbeitung Ihrer personenbezogenen Daten die nachstehenden Betroffenenrechte (Auskunfts- und Interventionsrechte), wobei f\u00fcr die jeweiligen Aus\u00fcbungsvoraussetzungen auf die angef\u00fchrte Rechtsgrundlage verwiesen wird:<\/p><ul><li>Auskunftsrecht gem\u00e4\u00df Art. 15 DSGVO;<\/li><li>Recht auf Berichtigung gem\u00e4\u00df Art. 16 DSGVO;<\/li><li>Recht auf L\u00f6schung gem\u00e4\u00df Art. 17 DSGVO;<\/li><li>Recht auf Einschr\u00e4nkung der Verarbeitung gem\u00e4\u00df Art. 18 DSGVO;<\/li><li>Recht auf Unterrichtung gem\u00e4\u00df Art. 19 DSGVO;<\/li><li>Recht auf Daten\u00fcbertragbarkeit gem\u00e4\u00df Art. 20 DSGVO;<\/li><li>Recht auf Widerruf erteilter Einwilligungen gem\u00e4\u00df Art. 7 Abs. 3 DSGVO;<\/li><li>Recht auf Beschwerde gem\u00e4\u00df Art. 77 DSGVO.<\/li><\/ul><p><b>9.2<\/b>\u00a0WIDERSPRUCHSRECHT<\/p><p>WENN WIR IM RAHMEN EINER INTERESSENABW\u00c4GUNG IHRE PERSONENBEZOGENEN DATEN AUFGRUND UNSERES \u00dcBERWIEGENDEN BERECHTIGTEN INTERESSES VERARBEITEN, HABEN SIE DAS JEDERZEITIGE RECHT, AUS GR\u00dcNDEN, DIE SICH AUS IHRER BESONDEREN SITUATION ERGEBEN, GEGEN DIESE VERARBEITUNG WIDERSPRUCH MIT WIRKUNG F\u00dcR DIE ZUKUNFT EINZULEGEN.<\/p><p>MACHEN SIE VON IHREM WIDERSPRUCHSRECHT GEBRAUCH, BEENDEN WIR DIE VERARBEITUNG DER BETROFFENEN DATEN. EINE WEITERVERARBEITUNG BLEIBT ABER VORBEHALTEN, WENN WIR ZWINGENDE SCHUTZW\u00dcRDIGE GR\u00dcNDE F\u00dcR DIE VERARBEITUNG NACHWEISEN K\u00d6NNEN, DIE IHRE INTERESSEN, GRUNDRECHTE UND GRUNDFREIHEITEN \u00dcBERWIEGEN, ODER WENN DIE VERARBEITUNG DER GELTENDMACHUNG, AUS\u00dcBUNG ODER VERTEIDIGUNG VON RECHTSANSPR\u00dcCHEN DIENT.<\/p><p>WERDEN IHRE PERSONENBEZOGENEN DATEN VON UNS VERARBEITET, UM DIREKTWERBUNG ZU BETREIBEN, HABEN SIE DAS RECHT, JEDERZEIT WIDERSPRUCH GEGEN DIE VERARBEITUNG SIE BETREFFENDER PERSONENBEZOGENER DATEN ZUM ZWECKE DERARTIGER WERBUNG EINZULEGEN. SIE K\u00d6NNEN DEN WIDERSPRUCH WIE OBEN BESCHRIEBEN AUS\u00dcBEN.<\/p><p>MACHEN SIE VON IHREM WIDERSPRUCHSRECHT GEBRAUCH, BEENDEN WIR DIE VERARBEITUNG DER BETROFFENEN DATEN ZU DIREKTWERBEZWECKEN.<\/p><p><strong>10) Dauer der Speicherung personenbezogener Daten<\/strong><\/p><p>Die Dauer der Speicherung von personenbezogenen Daten bemisst sich anhand der jeweiligen Rechtsgrundlage, am Verarbeitungszweck und \u2013 sofern einschl\u00e4gig \u2013 zus\u00e4tzlich anhand der jeweiligen gesetzlichen Aufbewahrungsfrist (z.B. handels- und steuerrechtliche Aufbewahrungsfristen).<\/p><p>Bei der Verarbeitung von personenbezogenen Daten auf Grundlage einer ausdr\u00fccklichen Einwilligung gem\u00e4\u00df Art. 6 Abs. 1 lit. a DSGVO werden die betroffenen Daten so lange gespeichert, bis Sie Ihre Einwilligung widerrufen.<\/p><p>Existieren gesetzliche Aufbewahrungsfristen f\u00fcr Daten, die im Rahmen rechtsgesch\u00e4ftlicher bzw. rechtsgesch\u00e4fts\u00e4hnlicher Verpflichtungen auf der Grundlage von Art. 6 Abs. 1 lit. b DSGVO verarbeitet werden, werden diese Daten nach Ablauf der Aufbewahrungsfristen routinem\u00e4\u00dfig gel\u00f6scht, sofern sie nicht mehr zur Vertragserf\u00fcllung oder Vertragsanbahnung erforderlich sind und\/oder unsererseits kein berechtigtes Interesse an der Weiterspeicherung fortbesteht.<\/p><p>Bei der Verarbeitung von personenbezogenen Daten auf Grundlage von Art. 6 Abs. 1 lit. f DSGVO werden diese Daten so lange gespeichert, bis Sie Ihr Widerspruchsrecht nach Art. 21 Abs. 1 DSGVO aus\u00fcben, es sei denn, wir k\u00f6nnen zwingende schutzw\u00fcrdige Gr\u00fcnde f\u00fcr die Verarbeitung nachweisen, die Ihre Interessen, Rechte und Freiheiten \u00fcberwiegen, oder die Verarbeitung dient der Geltendmachung, Aus\u00fcbung oder Verteidigung von Rechtsanspr\u00fcchen.<\/p><p>Bei der Verarbeitung von personenbezogenen Daten zum Zwecke der Direktwerbung auf Grundlage von Art. 6 Abs. 1 lit. f DSGVO werden diese Daten so lange gespeichert, bis Sie Ihr Widerspruchsrecht nach Art. 21 Abs. 2 DSGVO aus\u00fcben.<\/p><p>Sofern sich aus den sonstigen Informationen dieser Erkl\u00e4rung \u00fcber spezifische Verarbeitungssituationen nichts anderes ergibt, werden gespeicherte personenbezogene Daten im \u00dcbrigen dann gel\u00f6scht, wenn sie f\u00fcr die Zwecke, f\u00fcr die sie erhoben oder auf sonstige Weise verarbeitet wurden, nicht mehr notwendig sind.<\/p>\t\t\t\t\t\t\t\t<\/div>\n\t\t\t\t<\/div>\n\t\t\t\t<\/div>\n\t\t\t\t\t<\/div>\n\t\t\t\t<\/div>\n\t\t\t\t<\/div>\n\t\t","protected":false},"excerpt":{"rendered":"<p>Datenschutzerkl\u00e4rung 1) Einleitung und Kontaktdaten des Verantwortlichen 1.1\u00a0Wir freuen uns, dass Sie unsere Website besuchen und bedanken uns f\u00fcr Ihr Interesse. Im Folgenden informieren wir Sie \u00fcber den Umgang mit Ihren personenbezogenen Daten bei der Nutzung unserer Website. Personenbezogene Daten sind hierbei alle Daten, mit denen Sie pers\u00f6nlich identifiziert werden k\u00f6nnen. 1.2 Verantwortlicher f\u00fcr die [&hellip;]<\/p>\n","protected":false},"author":1,"featured_media":0,"parent":0,"menu_order":0,"comment_status":"closed","ping_status":"closed","template":"","meta":{"footnotes":""},"yoast_head":"<!-- This site is optimized with the Yoast SEO plugin v23.5 - https:\/\/yoast.com\/wordpress\/plugins\/seo\/ -->\n<title>Datenschutzerkl\u00e4rung - Fahrschule ABF<\/title>\n<meta name=\"description\" content=\"Erwerbe den Datenschutzerkl\u00e4rung in Alt-Glienicke mit der Fahrschule ABF. Erstklassige Ausbildung und Unterst\u00fctzung f\u00fcr deinen F\u00fchrerschein.\" \/>\n<meta name=\"robots\" content=\"noindex, nofollow\" \/>\n<meta property=\"og:locale\" content=\"de_DE\" \/>\n<meta property=\"og:type\" content=\"article\" \/>\n<meta property=\"og:title\" content=\"Datenschutzerkl\u00e4rung - Fahrschule ABF\" \/>\n<meta property=\"og:description\" content=\"Erwerbe den Datenschutzerkl\u00e4rung in Alt-Glienicke mit der Fahrschule ABF. Erstklassige Ausbildung und Unterst\u00fctzung f\u00fcr deinen F\u00fchrerschein.\" \/>\n<meta property=\"og:url\" content=\"http:\/\/fahrschuleabf.de\/?page_id=2029\" \/>\n<meta property=\"og:site_name\" content=\"Fahrschule ABF\" \/>\n<meta property=\"article:modified_time\" content=\"2024-03-21T23:39:47+00:00\" \/>\n<meta name=\"twitter:card\" content=\"summary_large_image\" \/>\n<meta name=\"twitter:label1\" content=\"Gesch\u00e4tzte Lesezeit\" \/>\n\t<meta name=\"twitter:data1\" content=\"18 Minuten\" \/>\n<script type=\"application\/ld+json\" class=\"yoast-schema-graph\">{\"@context\":\"https:\/\/schema.org\",\"@graph\":[{\"@type\":\"WebPage\",\"@id\":\"http:\/\/fahrschuleabf.de\/?page_id=2029\",\"url\":\"http:\/\/fahrschuleabf.de\/?page_id=2029\",\"name\":\"Datenschutzerkl\u00e4rung - Fahrschule ABF\",\"isPartOf\":{\"@id\":\"http:\/\/fahrschuleabf.de\/#website\"},\"datePublished\":\"2024-03-09T22:24:37+00:00\",\"dateModified\":\"2024-03-21T23:39:47+00:00\",\"description\":\"Erwerbe den Datenschutzerkl\u00e4rung in Alt-Glienicke mit der Fahrschule ABF. Erstklassige Ausbildung und Unterst\u00fctzung f\u00fcr deinen F\u00fchrerschein.\",\"breadcrumb\":{\"@id\":\"http:\/\/fahrschuleabf.de\/?page_id=2029#breadcrumb\"},\"inLanguage\":\"de-DE\",\"potentialAction\":[{\"@type\":\"ReadAction\",\"target\":[\"http:\/\/fahrschuleabf.de\/?page_id=2029\"]}]},{\"@type\":\"BreadcrumbList\",\"@id\":\"http:\/\/fahrschuleabf.de\/?page_id=2029#breadcrumb\",\"itemListElement\":[{\"@type\":\"ListItem\",\"position\":1,\"name\":\"Startseite\",\"item\":\"http:\/\/fahrschuleabf.de\/\"},{\"@type\":\"ListItem\",\"position\":2,\"name\":\"Datenschutzerkl\u00e4rung\"}]},{\"@type\":\"WebSite\",\"@id\":\"http:\/\/fahrschuleabf.de\/#website\",\"url\":\"http:\/\/fahrschuleabf.de\/\",\"name\":\"Fahrschule ABF\",\"description\":\"\",\"publisher\":{\"@id\":\"http:\/\/fahrschuleabf.de\/#organization\"},\"potentialAction\":[{\"@type\":\"SearchAction\",\"target\":{\"@type\":\"EntryPoint\",\"urlTemplate\":\"http:\/\/fahrschuleabf.de\/?s={search_term_string}\"},\"query-input\":{\"@type\":\"PropertyValueSpecification\",\"valueRequired\":true,\"valueName\":\"search_term_string\"}}],\"inLanguage\":\"de-DE\"},{\"@type\":\"Organization\",\"@id\":\"http:\/\/fahrschuleabf.de\/#organization\",\"name\":\"Fahrschule ABF\",\"url\":\"http:\/\/fahrschuleabf.de\/\",\"logo\":{\"@type\":\"ImageObject\",\"inLanguage\":\"de-DE\",\"@id\":\"http:\/\/fahrschuleabf.de\/#\/schema\/logo\/image\/\",\"url\":\"http:\/\/fahrschuleabf.de\/wp-content\/uploads\/2024\/03\/cropped-ABF-Logo-black.png\",\"contentUrl\":\"http:\/\/fahrschuleabf.de\/wp-content\/uploads\/2024\/03\/cropped-ABF-Logo-black.png\",\"width\":242,\"height\":51,\"caption\":\"Fahrschule ABF\"},\"image\":{\"@id\":\"http:\/\/fahrschuleabf.de\/#\/schema\/logo\/image\/\"}}]}<\/script>\n<!-- \/ Yoast SEO plugin. -->","yoast_head_json":{"title":"Datenschutzerkl\u00e4rung - Fahrschule ABF","description":"Erwerbe den Datenschutzerkl\u00e4rung in Alt-Glienicke mit der Fahrschule ABF. Erstklassige Ausbildung und Unterst\u00fctzung f\u00fcr deinen F\u00fchrerschein.","robots":{"index":"noindex","follow":"nofollow"},"og_locale":"de_DE","og_type":"article","og_title":"Datenschutzerkl\u00e4rung - Fahrschule ABF","og_description":"Erwerbe den Datenschutzerkl\u00e4rung in Alt-Glienicke mit der Fahrschule ABF. Erstklassige Ausbildung und Unterst\u00fctzung f\u00fcr deinen F\u00fchrerschein.","og_url":"http:\/\/fahrschuleabf.de\/?page_id=2029","og_site_name":"Fahrschule ABF","article_modified_time":"2024-03-21T23:39:47+00:00","twitter_card":"summary_large_image","twitter_misc":{"Gesch\u00e4tzte Lesezeit":"18 Minuten"},"schema":{"@context":"https:\/\/schema.org","@graph":[{"@type":"WebPage","@id":"http:\/\/fahrschuleabf.de\/?page_id=2029","url":"http:\/\/fahrschuleabf.de\/?page_id=2029","name":"Datenschutzerkl\u00e4rung - Fahrschule ABF","isPartOf":{"@id":"http:\/\/fahrschuleabf.de\/#website"},"datePublished":"2024-03-09T22:24:37+00:00","dateModified":"2024-03-21T23:39:47+00:00","description":"Erwerbe den Datenschutzerkl\u00e4rung in Alt-Glienicke mit der Fahrschule ABF. Erstklassige Ausbildung und Unterst\u00fctzung f\u00fcr deinen F\u00fchrerschein.","breadcrumb":{"@id":"http:\/\/fahrschuleabf.de\/?page_id=2029#breadcrumb"},"inLanguage":"de-DE","potentialAction":[{"@type":"ReadAction","target":["http:\/\/fahrschuleabf.de\/?page_id=2029"]}]},{"@type":"BreadcrumbList","@id":"http:\/\/fahrschuleabf.de\/?page_id=2029#breadcrumb","itemListElement":[{"@type":"ListItem","position":1,"name":"Startseite","item":"http:\/\/fahrschuleabf.de\/"},{"@type":"ListItem","position":2,"name":"Datenschutzerkl\u00e4rung"}]},{"@type":"WebSite","@id":"http:\/\/fahrschuleabf.de\/#website","url":"http:\/\/fahrschuleabf.de\/","name":"Fahrschule ABF","description":"","publisher":{"@id":"http:\/\/fahrschuleabf.de\/#organization"},"potentialAction":[{"@type":"SearchAction","target":{"@type":"EntryPoint","urlTemplate":"http:\/\/fahrschuleabf.de\/?s={search_term_string}"},"query-input":{"@type":"PropertyValueSpecification","valueRequired":true,"valueName":"search_term_string"}}],"inLanguage":"de-DE"},{"@type":"Organization","@id":"http:\/\/fahrschuleabf.de\/#organization","name":"Fahrschule ABF","url":"http:\/\/fahrschuleabf.de\/","logo":{"@type":"ImageObject","inLanguage":"de-DE","@id":"http:\/\/fahrschuleabf.de\/#\/schema\/logo\/image\/","url":"http:\/\/fahrschuleabf.de\/wp-content\/uploads\/2024\/03\/cropped-ABF-Logo-black.png","contentUrl":"http:\/\/fahrschuleabf.de\/wp-content\/uploads\/2024\/03\/cropped-ABF-Logo-black.png","width":242,"height":51,"caption":"Fahrschule ABF"},"image":{"@id":"http:\/\/fahrschuleabf.de\/#\/schema\/logo\/image\/"}}]}},"_links":{"self":[{"href":"http:\/\/fahrschuleabf.de\/index.php?rest_route=\/wp\/v2\/pages\/2029"}],"collection":[{"href":"http:\/\/fahrschuleabf.de\/index.php?rest_route=\/wp\/v2\/pages"}],"about":[{"href":"http:\/\/fahrschuleabf.de\/index.php?rest_route=\/wp\/v2\/types\/page"}],"author":[{"embeddable":true,"href":"http:\/\/fahrschuleabf.de\/index.php?rest_route=\/wp\/v2\/users\/1"}],"replies":[{"embeddable":true,"href":"http:\/\/fahrschuleabf.de\/index.php?rest_route=%2Fwp%2Fv2%2Fcomments&post=2029"}],"version-history":[{"count":16,"href":"http:\/\/fahrschuleabf.de\/index.php?rest_route=\/wp\/v2\/pages\/2029\/revisions"}],"predecessor-version":[{"id":2333,"href":"http:\/\/fahrschuleabf.de\/index.php?rest_route=\/wp\/v2\/pages\/2029\/revisions\/2333"}],"wp:attachment":[{"href":"http:\/\/fahrschuleabf.de\/index.php?rest_route=%2Fwp%2Fv2%2Fmedia&parent=2029"}],"curies":[{"name":"wp","href":"https:\/\/api.w.org\/{rel}","templated":true}]}}